{"id":9482,"date":"2020-08-20T19:21:00","date_gmt":"2020-08-20T19:21:00","guid":{"rendered":"https:\/\/bighearts.wgl-demo.net\/?page_id=31"},"modified":"2025-04-17T11:27:35","modified_gmt":"2025-04-17T11:27:35","slug":"participacion","status":"publish","type":"page","link":"https:\/\/fundacionidpchile.cl\/?page_id=9482","title":{"rendered":"Participaci\u00f3n"},"content":{"rendered":"\t\t<div data-elementor-type=\"wp-page\" data-elementor-id=\"9482\" class=\"elementor elementor-9482\">\n\t\t\t\t\t\t<section class=\"elementor-section elementor-top-section elementor-element elementor-element-9c9b51f elementor-section-boxed elementor-section-height-default elementor-section-height-default\" data-id=\"9c9b51f\" data-element_type=\"section\">\n\t\t\t\t\t\t<div class=\"elementor-container elementor-column-gap-default\">\n\t\t\t\t\t<div class=\"elementor-column elementor-col-100 elementor-top-column elementor-element elementor-element-2412e70\" data-id=\"2412e70\" data-element_type=\"column\">\n\t\t\t<div class=\"elementor-widget-wrap elementor-element-populated\">\n\t\t\t\t\t\t<div class=\"elementor-element elementor-element-96da465 elementor-widget elementor-widget-spacer\" data-id=\"96da465\" data-element_type=\"widget\" data-widget_type=\"spacer.default\">\n\t\t\t\t<div class=\"elementor-widget-container\">\n\t\t\t\t\t<div class=\"elementor-spacer\">\n\t\t\t<div class=\"elementor-spacer-inner\"><\/div>\n\t\t<\/div>\n\t\t\t\t<\/div>\n\t\t\t\t<\/div>\n\t\t\t\t\t<\/div>\n\t\t<\/div>\n\t\t\t\t\t<\/div>\n\t\t<\/section>\n\t\t\t\t<section class=\"elementor-section elementor-top-section elementor-element elementor-element-ccbece8 elementor-section-boxed elementor-section-height-default elementor-section-height-default\" data-id=\"ccbece8\" data-element_type=\"section\">\n\t\t\t\t\t\t<div class=\"elementor-container elementor-column-gap-default\">\n\t\t\t\t\t<div class=\"elementor-column elementor-col-50 elementor-top-column elementor-element elementor-element-407e74e\" data-id=\"407e74e\" data-element_type=\"column\">\n\t\t\t<div class=\"elementor-widget-wrap elementor-element-populated\">\n\t\t\t\t\t\t<div class=\"elementor-element elementor-element-e13ddbc elementor-widget__width-initial elementor-widget elementor-widget-image\" data-id=\"e13ddbc\" data-element_type=\"widget\" data-widget_type=\"image.default\">\n\t\t\t\t<div class=\"elementor-widget-container\">\n\t\t\t\t\t\t\t\t\t\t\t\t\t<img fetchpriority=\"high\" decoding=\"async\" width=\"540\" height=\"540\" src=\"https:\/\/fundacionidpchile.cl\/wp-content\/uploads\/2025\/02\/conferencia-marsella-2024-octubre-10-540x540.jpg\" class=\"attachment-woocommerce_thumbnail size-woocommerce_thumbnail wp-image-23143\" alt=\"\" srcset=\"https:\/\/fundacionidpchile.cl\/wp-content\/uploads\/2025\/02\/conferencia-marsella-2024-octubre-10-540x540.jpg 540w, https:\/\/fundacionidpchile.cl\/wp-content\/uploads\/2025\/02\/conferencia-marsella-2024-octubre-10-300x300.jpg 300w, https:\/\/fundacionidpchile.cl\/wp-content\/uploads\/2025\/02\/conferencia-marsella-2024-octubre-10-1024x1024.jpg 1024w, https:\/\/fundacionidpchile.cl\/wp-content\/uploads\/2025\/02\/conferencia-marsella-2024-octubre-10-150x150.jpg 150w, https:\/\/fundacionidpchile.cl\/wp-content\/uploads\/2025\/02\/conferencia-marsella-2024-octubre-10-768x768.jpg 768w, https:\/\/fundacionidpchile.cl\/wp-content\/uploads\/2025\/02\/conferencia-marsella-2024-octubre-10-1080x1080.jpg 1080w, https:\/\/fundacionidpchile.cl\/wp-content\/uploads\/2025\/02\/conferencia-marsella-2024-octubre-10-240x240.jpg 240w, https:\/\/fundacionidpchile.cl\/wp-content\/uploads\/2025\/02\/conferencia-marsella-2024-octubre-10.jpg 1440w\" sizes=\"(max-width: 540px) 100vw, 540px\" \/>\t\t\t\t\t\t\t\t\t\t\t\t\t<\/div>\n\t\t\t\t<\/div>\n\t\t\t\t\t<\/div>\n\t\t<\/div>\n\t\t\t\t<div class=\"elementor-column elementor-col-50 elementor-top-column elementor-element elementor-element-4625939\" data-id=\"4625939\" data-element_type=\"column\">\n\t\t\t<div class=\"elementor-widget-wrap elementor-element-populated\">\n\t\t\t\t\t\t<div class=\"elementor-element elementor-element-ad202cd elementor-widget elementor-widget-spacer\" data-id=\"ad202cd\" data-element_type=\"widget\" data-widget_type=\"spacer.default\">\n\t\t\t\t<div class=\"elementor-widget-container\">\n\t\t\t\t\t<div class=\"elementor-spacer\">\n\t\t\t<div class=\"elementor-spacer-inner\"><\/div>\n\t\t<\/div>\n\t\t\t\t<\/div>\n\t\t\t\t<\/div>\n\t\t\t\t<section class=\"elementor-section elementor-inner-section elementor-element elementor-element-6572426 elementor-section-boxed elementor-section-height-default elementor-section-height-default\" data-id=\"6572426\" data-element_type=\"section\">\n\t\t\t\t\t\t<div class=\"elementor-container elementor-column-gap-default\">\n\t\t\t\t\t<div class=\"elementor-column elementor-col-100 elementor-inner-column elementor-element elementor-element-b673fbd\" data-id=\"b673fbd\" data-element_type=\"column\" data-settings=\"{&quot;background_background&quot;:&quot;classic&quot;}\">\n\t\t\t<div class=\"elementor-widget-wrap elementor-element-populated\">\n\t\t\t\t\t\t<div class=\"elementor-element elementor-element-0315751 aleft elementor-widget elementor-widget-wgl-double-headings\" data-id=\"0315751\" data-element_type=\"widget\" data-widget_type=\"wgl-double-headings.default\">\n\t\t\t\t<div class=\"elementor-widget-container\">\n\t\t\t        <div class=\"wgl-double_heading\">                <div class=\"dbl__subtitle\"><span>Participaci\u00f3n Internacional de la Fundaci\u00f3n IDP Chile<\/span>                <\/div>        <\/div>\t\t<\/div>\n\t\t\t\t<\/div>\n\t\t\t\t<div class=\"elementor-element elementor-element-78feb72 elementor-widget elementor-widget-text-editor\" data-id=\"78feb72\" data-element_type=\"widget\" data-widget_type=\"text-editor.default\">\n\t\t\t\t<div class=\"elementor-widget-container\">\n\t\t\t\t\t\t\t<p class=\"MsoNormal\" style=\"text-align: justify;\"><span lang=\"ES-CL\">La Fundaci\u00f3n IDP Chile participo del evento internacional realizado el pasado octubre,2024 en la ciudad de Marsella, Francia. su labor internacional participando en eventos clave relacionados con las inmunodeficiencias primarias. Estas actividades no solo han permitido aumentar el conocimiento sobre la enfermedad, sino tambi\u00e9n fortalecer las redes de colaboraci\u00f3n global y facilitar el intercambio de innovaciones cient\u00edficas. El uso de herramientas pr\u00e1cticas ha sido esencial para llevar la participaci\u00f3n de la fundaci\u00f3n al siguiente nivel, y estamos abiertos a sugerencias de nuevas herramientas que fortalezcan a\u00fan m\u00e1s estos esfuerzos.<\/span><\/p>\t\t\t\t\t\t<\/div>\n\t\t\t\t<\/div>\n\t\t\t\t\t<\/div>\n\t\t<\/div>\n\t\t\t\t\t<\/div>\n\t\t<\/section>\n\t\t\t\t\t<\/div>\n\t\t<\/div>\n\t\t\t\t\t<\/div>\n\t\t<\/section>\n\t\t\t\t<section class=\"elementor-section elementor-top-section elementor-element elementor-element-463ac09 elementor-section-boxed elementor-section-height-default elementor-section-height-default\" data-id=\"463ac09\" data-element_type=\"section\">\n\t\t\t\t\t\t<div class=\"elementor-container elementor-column-gap-default\">\n\t\t\t\t\t<div class=\"elementor-column elementor-col-50 elementor-top-column elementor-element elementor-element-ce19e3b\" data-id=\"ce19e3b\" data-element_type=\"column\">\n\t\t\t<div class=\"elementor-widget-wrap elementor-element-populated\">\n\t\t\t\t\t\t<div class=\"elementor-element elementor-element-07f5ec7 elementor-widget elementor-widget-spacer\" data-id=\"07f5ec7\" data-element_type=\"widget\" data-widget_type=\"spacer.default\">\n\t\t\t\t<div class=\"elementor-widget-container\">\n\t\t\t\t\t<div class=\"elementor-spacer\">\n\t\t\t<div class=\"elementor-spacer-inner\"><\/div>\n\t\t<\/div>\n\t\t\t\t<\/div>\n\t\t\t\t<\/div>\n\t\t\t\t<section class=\"elementor-section elementor-inner-section elementor-element elementor-element-bd5cdce elementor-section-boxed elementor-section-height-default elementor-section-height-default\" data-id=\"bd5cdce\" data-element_type=\"section\">\n\t\t\t\t\t\t<div class=\"elementor-container elementor-column-gap-default\">\n\t\t\t\t\t<div class=\"elementor-column elementor-col-100 elementor-inner-column elementor-element elementor-element-6a73a9a\" data-id=\"6a73a9a\" data-element_type=\"column\" data-settings=\"{&quot;background_background&quot;:&quot;classic&quot;}\">\n\t\t\t<div class=\"elementor-widget-wrap elementor-element-populated\">\n\t\t\t\t\t\t<div class=\"elementor-element elementor-element-5c30a91 aleft elementor-widget elementor-widget-wgl-double-headings\" data-id=\"5c30a91\" data-element_type=\"widget\" data-widget_type=\"wgl-double-headings.default\">\n\t\t\t\t<div class=\"elementor-widget-container\">\n\t\t\t        <div class=\"wgl-double_heading\">                <div class=\"dbl__subtitle\"><span>Objetivos de la Participaci\u00f3n Internacional:<\/span>                <\/div>        <\/div>\t\t<\/div>\n\t\t\t\t<\/div>\n\t\t\t\t<div class=\"elementor-element elementor-element-8fb09d7 elementor-widget elementor-widget-text-editor\" data-id=\"8fb09d7\" data-element_type=\"widget\" data-widget_type=\"text-editor.default\">\n\t\t\t\t<div class=\"elementor-widget-container\">\n\t\t\t\t\t\t\t<ol><li><strong><span>Impulsar el conocimiento sobre las inmunodeficiencias primarias<\/span><\/strong><span>, compartiendo avances cient\u00edficos y soluciones innovadoras en conferencias internacionales.<\/span><\/li><li><strong><span>Establecer conexiones globales con expertos y organizaciones clave<\/span><\/strong><span>, creando una red de apoyo m\u00e1s robusta y colaborativa para quienes enfrentan estas enfermedades.<\/span><\/li><li><strong><span>Implementar nuevas herramientas pr\u00e1cticas<\/span><\/strong><span> para la mejora de la atenci\u00f3n y el tratamiento, siguiendo el enfoque propuesto por IPOPI, con el fin de optimizar el impacto de la fundaci\u00f3n a nivel global.<\/span><\/li><\/ol>\t\t\t\t\t\t<\/div>\n\t\t\t\t<\/div>\n\t\t\t\t\t<\/div>\n\t\t<\/div>\n\t\t\t\t\t<\/div>\n\t\t<\/section>\n\t\t\t\t\t<\/div>\n\t\t<\/div>\n\t\t\t\t<div class=\"elementor-column elementor-col-50 elementor-top-column elementor-element elementor-element-e323ff2\" data-id=\"e323ff2\" data-element_type=\"column\">\n\t\t\t<div class=\"elementor-widget-wrap elementor-element-populated\">\n\t\t\t\t\t\t<div class=\"elementor-element elementor-element-f0fec0a elementor-widget elementor-widget-image\" data-id=\"f0fec0a\" data-element_type=\"widget\" data-widget_type=\"image.default\">\n\t\t\t\t<div class=\"elementor-widget-container\">\n\t\t\t\t\t\t\t\t\t\t\t\t\t<img decoding=\"async\" width=\"768\" height=\"416\" src=\"https:\/\/fundacionidpchile.cl\/wp-content\/uploads\/2025\/02\/conferencia-marsella-2024-octubre-4-768x416.jpg\" class=\"attachment-medium_large size-medium_large wp-image-23142\" alt=\"\" srcset=\"https:\/\/fundacionidpchile.cl\/wp-content\/uploads\/2025\/02\/conferencia-marsella-2024-octubre-4-768x416.jpg 768w, https:\/\/fundacionidpchile.cl\/wp-content\/uploads\/2025\/02\/conferencia-marsella-2024-octubre-4-300x163.jpg 300w, https:\/\/fundacionidpchile.cl\/wp-content\/uploads\/2025\/02\/conferencia-marsella-2024-octubre-4-1024x555.jpg 1024w, https:\/\/fundacionidpchile.cl\/wp-content\/uploads\/2025\/02\/conferencia-marsella-2024-octubre-4.jpg 1080w\" sizes=\"(max-width: 768px) 100vw, 768px\" \/>\t\t\t\t\t\t\t\t\t\t\t\t\t<\/div>\n\t\t\t\t<\/div>\n\t\t\t\t\t<\/div>\n\t\t<\/div>\n\t\t\t\t\t<\/div>\n\t\t<\/section>\n\t\t\t\t<section class=\"elementor-section elementor-top-section elementor-element elementor-element-e034cda elementor-section-boxed elementor-section-height-default elementor-section-height-default\" data-id=\"e034cda\" data-element_type=\"section\">\n\t\t\t\t\t\t<div class=\"elementor-container elementor-column-gap-default\">\n\t\t\t\t\t<div class=\"elementor-column elementor-col-50 elementor-top-column elementor-element elementor-element-0635128\" data-id=\"0635128\" data-element_type=\"column\">\n\t\t\t<div class=\"elementor-widget-wrap elementor-element-populated\">\n\t\t\t\t\t\t<div class=\"elementor-element elementor-element-7f9fb13 elementor-widget elementor-widget-image\" data-id=\"7f9fb13\" data-element_type=\"widget\" data-widget_type=\"image.default\">\n\t\t\t\t<div class=\"elementor-widget-container\">\n\t\t\t\t\t\t\t\t\t\t\t\t\t<img decoding=\"async\" width=\"1080\" height=\"720\" src=\"https:\/\/fundacionidpchile.cl\/wp-content\/uploads\/2025\/02\/conferencia-marsella-2024-octubre-2-1.jpg\" class=\"attachment-full size-full wp-image-23144\" alt=\"\" srcset=\"https:\/\/fundacionidpchile.cl\/wp-content\/uploads\/2025\/02\/conferencia-marsella-2024-octubre-2-1.jpg 1080w, https:\/\/fundacionidpchile.cl\/wp-content\/uploads\/2025\/02\/conferencia-marsella-2024-octubre-2-1-300x200.jpg 300w, https:\/\/fundacionidpchile.cl\/wp-content\/uploads\/2025\/02\/conferencia-marsella-2024-octubre-2-1-1024x683.jpg 1024w, https:\/\/fundacionidpchile.cl\/wp-content\/uploads\/2025\/02\/conferencia-marsella-2024-octubre-2-1-768x512.jpg 768w\" sizes=\"(max-width: 1080px) 100vw, 1080px\" \/>\t\t\t\t\t\t\t\t\t\t\t\t\t<\/div>\n\t\t\t\t<\/div>\n\t\t\t\t\t<\/div>\n\t\t<\/div>\n\t\t\t\t<div class=\"elementor-column elementor-col-50 elementor-top-column elementor-element elementor-element-d177a35\" data-id=\"d177a35\" data-element_type=\"column\">\n\t\t\t<div class=\"elementor-widget-wrap elementor-element-populated\">\n\t\t\t\t\t\t<div class=\"elementor-element elementor-element-cd8d58c elementor-widget elementor-widget-spacer\" data-id=\"cd8d58c\" data-element_type=\"widget\" data-widget_type=\"spacer.default\">\n\t\t\t\t<div class=\"elementor-widget-container\">\n\t\t\t\t\t<div class=\"elementor-spacer\">\n\t\t\t<div class=\"elementor-spacer-inner\"><\/div>\n\t\t<\/div>\n\t\t\t\t<\/div>\n\t\t\t\t<\/div>\n\t\t\t\t<section class=\"elementor-section elementor-inner-section elementor-element elementor-element-b04e495 elementor-section-boxed elementor-section-height-default elementor-section-height-default\" data-id=\"b04e495\" data-element_type=\"section\">\n\t\t\t\t\t\t<div class=\"elementor-container elementor-column-gap-default\">\n\t\t\t\t\t<div class=\"elementor-column elementor-col-100 elementor-inner-column elementor-element elementor-element-b7b0d39\" data-id=\"b7b0d39\" data-element_type=\"column\" data-settings=\"{&quot;background_background&quot;:&quot;classic&quot;}\">\n\t\t\t<div class=\"elementor-widget-wrap elementor-element-populated\">\n\t\t\t\t\t\t<div class=\"elementor-element elementor-element-778084e aleft elementor-widget elementor-widget-wgl-double-headings\" data-id=\"778084e\" data-element_type=\"widget\" data-widget_type=\"wgl-double-headings.default\">\n\t\t\t\t<div class=\"elementor-widget-container\">\n\t\t\t        <div class=\"wgl-double_heading\">                <div class=\"dbl__subtitle\"><span>Impacto de la Participaci\u00f3n:<\/span>                <\/div>        <\/div>\t\t<\/div>\n\t\t\t\t<\/div>\n\t\t\t\t<div class=\"elementor-element elementor-element-964ddaa elementor-widget elementor-widget-text-editor\" data-id=\"964ddaa\" data-element_type=\"widget\" data-widget_type=\"text-editor.default\">\n\t\t\t\t<div class=\"elementor-widget-container\">\n\t\t\t\t\t\t\t<ul><li><strong><span>Redes Internacionales Fortalecidas:<\/span><\/strong><span> La Fundaci\u00f3n ha establecido nuevas alianzas estrat\u00e9gicas, aumentando su influencia dentro de la comunidad global de salud.<\/span><\/li><li><strong><span>Contribuci\u00f3n a la Innovaci\u00f3n Cient\u00edfica:<\/span><\/strong><span> La fundaci\u00f3n ha sido parte activa en la discusi\u00f3n de nuevas soluciones y avances en el tratamiento de las inmunodeficiencias primarias.<\/span><\/li><li><strong><span>Liderazgo y Visibilidad:<\/span><\/strong><span> Gracias a su participaci\u00f3n, IDP Chile ha consolidado su rol como referente, aumentando su presencia en el \u00e1mbito global de la salud.<\/span><\/li><\/ul><p><strong><span>Apoyo de IPOPI:<\/span><\/strong><span> El equipo y la comunidad de <strong>IPOPI<\/strong> siempre est\u00e1n disponibles para brindar asistencia a la Fundaci\u00f3n IDP Chile. No solo se fomenta el intercambio de herramientas, sino que tambi\u00e9n se extiende un fuerte apoyo para resolver dudas y mejorar las estrategias implementadas.<\/span><\/p><p><span>La participaci\u00f3n internacional de la Fundaci\u00f3n IDP Chile sigue siendo un pilar fundamental en la lucha contra las inmunodeficiencias primarias. Con el respaldo de herramientas innovadoras y el apoyo continuo de IPOPI, la fundaci\u00f3n avanza en su misi\u00f3n de ofrecer soluciones efectivas y construir una red global de apoyo.<\/span><\/p>\t\t\t\t\t\t<\/div>\n\t\t\t\t<\/div>\n\t\t\t\t\t<\/div>\n\t\t<\/div>\n\t\t\t\t\t<\/div>\n\t\t<\/section>\n\t\t\t\t\t<\/div>\n\t\t<\/div>\n\t\t\t\t\t<\/div>\n\t\t<\/section>\n\t\t\t\t<section class=\"elementor-section elementor-top-section elementor-element elementor-element-cdbbbff elementor-section-boxed elementor-section-height-default elementor-section-height-default\" data-id=\"cdbbbff\" data-element_type=\"section\">\n\t\t\t\t\t\t<div class=\"elementor-container elementor-column-gap-default\">\n\t\t\t\t\t<div class=\"elementor-column elementor-col-100 elementor-top-column elementor-element elementor-element-31e528b\" data-id=\"31e528b\" data-element_type=\"column\">\n\t\t\t<div class=\"elementor-widget-wrap elementor-element-populated\">\n\t\t\t\t\t\t<div class=\"elementor-element elementor-element-0eccb3e elementor-widget elementor-widget-spacer\" data-id=\"0eccb3e\" data-element_type=\"widget\" data-widget_type=\"spacer.default\">\n\t\t\t\t<div class=\"elementor-widget-container\">\n\t\t\t\t\t<div class=\"elementor-spacer\">\n\t\t\t<div class=\"elementor-spacer-inner\"><\/div>\n\t\t<\/div>\n\t\t\t\t<\/div>\n\t\t\t\t<\/div>\n\t\t\t\t\t<\/div>\n\t\t<\/div>\n\t\t\t\t\t<\/div>\n\t\t<\/section>\n\t\t\t\t<section class=\"elementor-section elementor-top-section elementor-element elementor-element-cb894e0 elementor-section-full_width elementor-section-height-default elementor-section-height-default\" data-id=\"cb894e0\" data-element_type=\"section\" data-settings=\"{&quot;background_background&quot;:&quot;classic&quot;}\">\n\t\t\t\t\t\t<div class=\"elementor-container elementor-column-gap-default\">\n\t\t\t\t\t<div class=\"elementor-column elementor-col-100 elementor-top-column elementor-element elementor-element-742fb29\" data-id=\"742fb29\" data-element_type=\"column\">\n\t\t\t<div class=\"elementor-widget-wrap elementor-element-populated\">\n\t\t\t\t\t\t<div class=\"elementor-element elementor-element-c9c99ee elementor-widget elementor-widget-spacer\" data-id=\"c9c99ee\" data-element_type=\"widget\" data-widget_type=\"spacer.default\">\n\t\t\t\t<div class=\"elementor-widget-container\">\n\t\t\t\t\t<div class=\"elementor-spacer\">\n\t\t\t<div class=\"elementor-spacer-inner\"><\/div>\n\t\t<\/div>\n\t\t\t\t<\/div>\n\t\t\t\t<\/div>\n\t\t\t\t<div class=\"elementor-element elementor-element-7414279 elementor-widget elementor-widget-wgl-clients\" data-id=\"7414279\" data-element_type=\"widget\" data-widget_type=\"wgl-clients.default\">\n\t\t\t\t<div class=\"elementor-widget-container\">\n\t\t\t<div class=\"wgl-clients clearfix anim-ex_images_ver items-6\" data-carousel=\"yes\"><div class=\"wgl-carousel_wrapper\"><div class=\"wgl-carousel\"><div class=\"wgl-carousel_slick\" data-slick='{\"slidesToShow\":6,\"slidesToScroll\":1,\"infinite\":true,\"variableWidth\":false,\"autoplay\":true,\"autoplaySpeed\":\"3000\",\"speed\":300,\"arrows\":false,\"dots\":false,\"adaptiveHeight\":false,\"responsive\":[{\"breakpoint\":1170,\"settings\":{\"slidesToShow\":4,\"slidesToScroll\":1}},{\"breakpoint\":1025,\"settings\":{\"slidesToShow\":3,\"slidesToScroll\":1}},{\"breakpoint\":768,\"settings\":{\"slidesToShow\":1,\"slidesToScroll\":1}}]}'><div class=\"clients_image\"><div class=\"image_wrapper\"><img decoding=\"async\" class=\"carousel-img clients-img hover_image\" alt=\"ley\" src=\"https:\/\/fundacionidpchile.cl\/wp-content\/uploads\/2025\/01\/ley-2.png\" \/><img decoding=\"async\" class=\"carousel-img clients-img main_image\" alt=\"ley\" src=\"https:\/\/fundacionidpchile.cl\/wp-content\/uploads\/2025\/01\/ley-2.png\" \/><\/div><\/div><div class=\"clients_image\"><div class=\"image_wrapper\"><img decoding=\"async\" class=\"carousel-img clients-img hover_image\" alt=\"Jeffrey Modell Foundation logo\" src=\"https:\/\/fundacionidpchile.cl\/wp-content\/uploads\/2025\/01\/Jeffrey_Modell_Foundation_Logo.jpg\" \/><img decoding=\"async\" class=\"carousel-img clients-img main_image\" alt=\"Jeffrey Modell Foundation logo\" src=\"https:\/\/fundacionidpchile.cl\/wp-content\/uploads\/2025\/01\/Jeffrey_Modell_Foundation_Logo.jpg\" \/><\/div><\/div><div class=\"clients_image\"><div class=\"image_wrapper\"><img decoding=\"async\" class=\"carousel-img clients-img hover_image\" alt=\"ipopi\" src=\"https:\/\/fundacionidpchile.cl\/wp-content\/uploads\/2025\/01\/ipopi.jpg\" \/><img decoding=\"async\" class=\"carousel-img clients-img main_image\" alt=\"ipopi\" src=\"https:\/\/fundacionidpchile.cl\/wp-content\/uploads\/2025\/01\/ipopi.jpg\" \/><\/div><\/div><div class=\"clients_image\"><div class=\"image_wrapper\"><img decoding=\"async\" class=\"carousel-img clients-img hover_image\" alt=\"cenabast\" src=\"https:\/\/fundacionidpchile.cl\/wp-content\/uploads\/2025\/01\/cenabast.jpg\" \/><img decoding=\"async\" class=\"carousel-img clients-img main_image\" alt=\"cenabast\" src=\"https:\/\/fundacionidpchile.cl\/wp-content\/uploads\/2025\/01\/cenabast.jpg\" \/><\/div><\/div><div class=\"clients_image\"><div class=\"image_wrapper\"><img decoding=\"async\" class=\"carousel-img clients-img hover_image\" alt=\"fonasa-modified\" src=\"https:\/\/fundacionidpchile.cl\/wp-content\/uploads\/2025\/02\/fonasa-modified.jpg\" \/><img decoding=\"async\" class=\"carousel-img clients-img main_image\" alt=\"fonasa-modified\" src=\"https:\/\/fundacionidpchile.cl\/wp-content\/uploads\/2025\/02\/fonasa-modified.jpg\" \/><\/div><\/div><\/div><\/div><\/div><\/div>\t\t<\/div>\n\t\t\t\t<\/div>\n\t\t\t\t<div class=\"elementor-element elementor-element-d5a6a8d elementor-widget elementor-widget-spacer\" data-id=\"d5a6a8d\" data-element_type=\"widget\" data-widget_type=\"spacer.default\">\n\t\t\t\t<div class=\"elementor-widget-container\">\n\t\t\t\t\t<div class=\"elementor-spacer\">\n\t\t\t<div class=\"elementor-spacer-inner\"><\/div>\n\t\t<\/div>\n\t\t\t\t<\/div>\n\t\t\t\t<\/div>\n\t\t\t\t\t<\/div>\n\t\t<\/div>\n\t\t\t\t\t<\/div>\n\t\t<\/section>\n\t\t\t\t<\/div>\n\t\t","protected":false},"excerpt":{"rendered":"<p>Participaci\u00f3n Internacional de la Fundaci\u00f3n IDP Chile La Fundaci\u00f3n IDP Chile participo del evento internacional realizado el pasado octubre,2024 en la ciudad de Marsella, Francia. su labor internacional participando en eventos clave relacionados con las inmunodeficiencias primarias. Estas actividades no solo han permitido aumentar el conocimiento sobre la enfermedad, sino tambi\u00e9n fortalecer las redes de [&hellip;]<\/p>\n","protected":false},"author":1,"featured_media":0,"parent":0,"menu_order":0,"comment_status":"closed","ping_status":"closed","template":"","meta":{"footnotes":""},"class_list":["post-9482","page","type-page","status-publish","hentry"],"_links":{"self":[{"href":"https:\/\/fundacionidpchile.cl\/index.php?rest_route=\/wp\/v2\/pages\/9482","targetHints":{"allow":["GET"]}}],"collection":[{"href":"https:\/\/fundacionidpchile.cl\/index.php?rest_route=\/wp\/v2\/pages"}],"about":[{"href":"https:\/\/fundacionidpchile.cl\/index.php?rest_route=\/wp\/v2\/types\/page"}],"author":[{"embeddable":true,"href":"https:\/\/fundacionidpchile.cl\/index.php?rest_route=\/wp\/v2\/users\/1"}],"replies":[{"embeddable":true,"href":"https:\/\/fundacionidpchile.cl\/index.php?rest_route=%2Fwp%2Fv2%2Fcomments&post=9482"}],"version-history":[{"count":22,"href":"https:\/\/fundacionidpchile.cl\/index.php?rest_route=\/wp\/v2\/pages\/9482\/revisions"}],"predecessor-version":[{"id":23307,"href":"https:\/\/fundacionidpchile.cl\/index.php?rest_route=\/wp\/v2\/pages\/9482\/revisions\/23307"}],"wp:attachment":[{"href":"https:\/\/fundacionidpchile.cl\/index.php?rest_route=%2Fwp%2Fv2%2Fmedia&parent=9482"}],"curies":[{"name":"wp","href":"https:\/\/api.w.org\/{rel}","templated":true}]}}